{"id":9124,"date":"2024-11-08T14:59:19","date_gmt":"2024-11-08T13:59:19","guid":{"rendered":"https:\/\/www.meta-entreprise.org\/metaentreprise2\/?page_id=9124"},"modified":"2025-02-24T19:56:27","modified_gmt":"2025-02-24T18:56:27","slug":"politique-de-confidentialite","status":"publish","type":"page","link":"https:\/\/www.meta-entreprise.org\/en\/politique-de-confidentialite\/","title":{"rendered":"Privacy policy"},"content":{"rendered":"<div data-elementor-type=\"wp-page\" data-elementor-id=\"9124\" class=\"elementor elementor-9124\">\n\t\t\t\t\t\t<section class=\"elementor-section elementor-top-section elementor-element elementor-element-618532b elementor-section-boxed elementor-section-height-default elementor-section-height-default\" data-id=\"618532b\" data-element_type=\"section\">\n\t\t\t\t\t\t<div class=\"elementor-container elementor-column-gap-default\">\n\t\t\t\t\t<div class=\"elementor-column elementor-col-100 elementor-top-column elementor-element elementor-element-d85e2f1\" data-id=\"d85e2f1\" data-element_type=\"column\">\n\t\t\t<div class=\"elementor-widget-wrap elementor-element-populated\">\n\t\t\t\t\t\t<div class=\"elementor-element elementor-element-68eb65c elementor-widget elementor-widget-spacer\" data-id=\"68eb65c\" data-element_type=\"widget\" data-widget_type=\"spacer.default\">\n\t\t\t\t<div class=\"elementor-widget-container\">\n\t\t\t\t\t\t\t<div class=\"elementor-spacer\">\n\t\t\t<div class=\"elementor-spacer-inner\"><\/div>\n\t\t<\/div>\n\t\t\t\t\t\t<\/div>\n\t\t\t\t<\/div>\n\t\t\t\t<div class=\"elementor-element elementor-element-9b952cd elementor-widget elementor-widget-heading\" data-id=\"9b952cd\" data-element_type=\"widget\" data-widget_type=\"heading.default\">\n\t\t\t\t<div class=\"elementor-widget-container\">\n\t\t\t\t\t<h2 class=\"elementor-heading-title elementor-size-default\">Privacy policy<\/h2>\t\t\t\t<\/div>\n\t\t\t\t<\/div>\n\t\t\t\t<div class=\"elementor-element elementor-element-536f6f1 elementor-widget elementor-widget-spacer\" data-id=\"536f6f1\" data-element_type=\"widget\" data-widget_type=\"spacer.default\">\n\t\t\t\t<div class=\"elementor-widget-container\">\n\t\t\t\t\t\t\t<div class=\"elementor-spacer\">\n\t\t\t<div class=\"elementor-spacer-inner\"><\/div>\n\t\t<\/div>\n\t\t\t\t\t\t<\/div>\n\t\t\t\t<\/div>\n\t\t\t\t<section class=\"elementor-section elementor-inner-section elementor-element elementor-element-a4d51a1 elementor-section-boxed elementor-section-height-default elementor-section-height-default\" data-id=\"a4d51a1\" data-element_type=\"section\">\n\t\t\t\t\t\t<div class=\"elementor-container elementor-column-gap-default\">\n\t\t\t\t\t<div class=\"elementor-column elementor-col-100 elementor-inner-column elementor-element elementor-element-ffaf3d4\" data-id=\"ffaf3d4\" data-element_type=\"column\">\n\t\t\t<div class=\"elementor-widget-wrap elementor-element-populated\">\n\t\t\t\t\t\t<div class=\"elementor-element elementor-element-7c61969 elementor-widget elementor-widget-heading\" data-id=\"7c61969\" data-element_type=\"widget\" data-widget_type=\"heading.default\">\n\t\t\t\t<div class=\"elementor-widget-container\">\n\t\t\t\t\t<h2 class=\"elementor-heading-title elementor-size-default\">Pr\u00e9ambule<\/h2>\t\t\t\t<\/div>\n\t\t\t\t<\/div>\n\t\t\t\t<div class=\"elementor-element elementor-element-1034252 elementor-widget elementor-widget-text-editor\" data-id=\"1034252\" data-element_type=\"widget\" data-widget_type=\"text-editor.default\">\n\t\t\t\t<div class=\"elementor-widget-container\">\n\t\t\t\t\t\t\t\t\t<p>Soucieux des donn\u00e9es \u00e0 caract\u00e8re personnel, nous nous engageons \u00e0 assurer la conformit\u00e9 des traitements op\u00e9r\u00e9s dans le cadre du R\u00e8glement 2016\/679 du Parlement Europ\u00e9en sur la Protection des Donn\u00e9es Personnelles (RGPD) entr\u00e9 en vigueur le 25 mai 2018.<\/p><p>Pour ce faire, il a \u00e9t\u00e9 mis en place une politique de confidentialit\u00e9 afin de garantir un niveau de protection optimal des donn\u00e9es collect\u00e9es.<\/p><p>Cette politique de confidentialit\u00e9 est susceptible d\u2019\u00eatre modifi\u00e9e ou compl\u00e9t\u00e9e \u00e0 tout moment par la SARL P\u00e9gase\u00ae, notamment en vue de se conformer \u00e0 toute \u00e9volution l\u00e9gislative, r\u00e8glementaire, jurisprudentielle ou technologique. Ces modifications engagent l\u2019utilisateur d\u00e8s leur mise en ligne. Il convient par cons\u00e9quent que l\u2019utilisateur consulte r\u00e9guli\u00e8rement la pr\u00e9sente politique de confidentialit\u00e9 et d\u2019utilisation des cookies afin de prendre connaissance de ses \u00e9ventuelles modifications<\/p><p>Si vous ne souhaitez pas voir vos donn\u00e9es collect\u00e9es dans les conditions d\u00e9finies ci-apr\u00e8s, vous devez imp\u00e9rativement vous abstenir d\u2019utiliser ce site Web.<\/p>\t\t\t\t\t\t\t\t<\/div>\n\t\t\t\t<\/div>\n\t\t\t\t<div class=\"elementor-element elementor-element-a9f0d05 elementor-widget elementor-widget-heading\" data-id=\"a9f0d05\" data-element_type=\"widget\" data-widget_type=\"heading.default\">\n\t\t\t\t<div class=\"elementor-widget-container\">\n\t\t\t\t\t<h2 class=\"elementor-heading-title elementor-size-default\">Responsable du Traitement<\/h2>\t\t\t\t<\/div>\n\t\t\t\t<\/div>\n\t\t\t\t<div class=\"elementor-element elementor-element-60fc399 elementor-widget elementor-widget-text-editor\" data-id=\"60fc399\" data-element_type=\"widget\" data-widget_type=\"text-editor.default\">\n\t\t\t\t<div class=\"elementor-widget-container\">\n\t\t\t\t\t\t\t\t\t<p>Pour ce qui concerne le site www.meta-entreprise.org, le responsable du traitement des donn\u00e9es personnelles est la SARL P\u00e9gase\u00ae.<\/p>\t\t\t\t\t\t\t\t<\/div>\n\t\t\t\t<\/div>\n\t\t\t\t<div class=\"elementor-element elementor-element-266d926 elementor-widget elementor-widget-heading\" data-id=\"266d926\" data-element_type=\"widget\" data-widget_type=\"heading.default\">\n\t\t\t\t<div class=\"elementor-widget-container\">\n\t\t\t\t\t<h2 class=\"elementor-heading-title elementor-size-default\">Nature des donn\u00e9es collect\u00e9es<\/h2>\t\t\t\t<\/div>\n\t\t\t\t<\/div>\n\t\t\t\t<div class=\"elementor-element elementor-element-52029ef elementor-widget elementor-widget-text-editor\" data-id=\"52029ef\" data-element_type=\"widget\" data-widget_type=\"text-editor.default\">\n\t\t\t\t<div class=\"elementor-widget-container\">\n\t\t\t\t\t\t\t\t\t<p>D\u2019une mani\u00e8re g\u00e9n\u00e9rale, il vous est possible de visiter le site sans communiquer d\u2019informations personnelles vous concernant. En toute hypoth\u00e8se, vous n\u2019\u00eates en aucune mani\u00e8re oblig\u00e9 de transmettre ces informations \u00e0 la SARL P\u00e9gase\u00ae.<\/p><p>Sous r\u00e9serve des lois applicables, nous collectons des donn\u00e9es vous concernant ou concernant tout tiers dont vous nous fournissez les informations lorsque vous remplissez le formulaire de contact en ligne. Cela inclut votre nom, pr\u00e9nom, votre email, votre num\u00e9ro de t\u00e9l\u00e9phone et \u00e9ventuellement le nom, l\u2019adresse de votre entreprise. Nous collectons \u00e9galement de mani\u00e8re indirecte vos donn\u00e9es relatives \u00e0 votre navigation au moyen de cookies\/traceurs :<\/p><ul><li>L\u2019adresse IP, le navigateur utilis\u00e9, la dur\u00e9e de navigation, l\u2019historique des recherches, le syst\u00e8me d\u2019exploitation utilis\u00e9, la langue et les pages visualis\u00e9es.<\/li><li>Les donn\u00e9es concernant vos visites sur notre site, y compris les donn\u00e9es de trafic, les fichiers de journal et autres donn\u00e9es ou ressources de communication que vous utilisez en acc\u00e9dant \u00e0 notre site.<\/li><\/ul><p>En fournissant ces informations, vous acceptez express\u00e9ment qu\u2019elles soient trait\u00e9es par la SARL P\u00e9gase\u00ae, aux fins indiqu\u00e9es ci-dessous.<\/p>\t\t\t\t\t\t\t\t<\/div>\n\t\t\t\t<\/div>\n\t\t\t\t<div class=\"elementor-element elementor-element-368717b elementor-widget elementor-widget-heading\" data-id=\"368717b\" data-element_type=\"widget\" data-widget_type=\"heading.default\">\n\t\t\t\t<div class=\"elementor-widget-container\">\n\t\t\t\t\t<h2 class=\"elementor-heading-title elementor-size-default\">Gestion des Cookies<\/h2>\t\t\t\t<\/div>\n\t\t\t\t<\/div>\n\t\t\t\t<div class=\"elementor-element elementor-element-ea4471e elementor-widget elementor-widget-text-editor\" data-id=\"ea4471e\" data-element_type=\"widget\" data-widget_type=\"text-editor.default\">\n\t\t\t\t<div class=\"elementor-widget-container\">\n\t\t\t\t\t\t\t\t\t<p><strong>La SARL P\u00e9gase\u00ae n\u2019utilise pas de proc\u00e9d\u00e9s de collecte automatis\u00e9e de donn\u00e9es (cookies, applet java ou active X).<\/strong><\/p><p>Le navigateur Internet de l\u2019utilisateur transmettra automatiquement \u00e0 la soci\u00e9t\u00e9 des informations, telles que son adresse IP (Internet Protocol), la version du navigateur du terminal qu\u2019il utilise, et son parcours sur le site.<\/p><p>L\u2019utilisateur peut \u00e0 tout moment configurer son navigateur afin de recevoir une notification lorsqu\u2019un cookie est envoy\u00e9 ou de le refuser. Toutefois, certaines des fonctionnalit\u00e9s des services pourraient ne pas fonctionner sans cookies.<\/p><p>Pour conna\u00eetre les modalit\u00e9s applicables \u00e0 la gestion des cookies stock\u00e9s dans votre navigateur, nous vous invitons \u00e0 consulter le menu d\u2019aide de votre navigateur ainsi que la rubrique \u00ab Vos traces \u00bb du site de la CNIL : https:\/\/www.cnil.fr\/fr\/nouvelles-regles-cookies-et-autres-traceurs-bilan-accompagnement-cnil-actions-a-venir<\/p>\t\t\t\t\t\t\t\t<\/div>\n\t\t\t\t<\/div>\n\t\t\t\t<div class=\"elementor-element elementor-element-be7fd3f elementor-widget elementor-widget-heading\" data-id=\"be7fd3f\" data-element_type=\"widget\" data-widget_type=\"heading.default\">\n\t\t\t\t<div class=\"elementor-widget-container\">\n\t\t\t\t\t<h2 class=\"elementor-heading-title elementor-size-default\">Information relative \u00e0 BLOCTEL<\/h2>\t\t\t\t<\/div>\n\t\t\t\t<\/div>\n\t\t\t\t<div class=\"elementor-element elementor-element-3031a16 elementor-widget elementor-widget-text-editor\" data-id=\"3031a16\" data-element_type=\"widget\" data-widget_type=\"text-editor.default\">\n\t\t\t\t<div class=\"elementor-widget-container\">\n\t\t\t\t\t\t\t\t\t<p>Conform\u00e9ment \u00e0 l\u2019Article L223-2 du code de la consommation, en tant que professionnel, nous avons l\u2019obligation de vous informer que pour des fins de fonctionnement, nous sommes amen\u00e9s \u00e0 recueillir vos donn\u00e9es t\u00e9l\u00e9phoniques. En tant que consommateur, vous avez le droit de vous inscrire sur la liste d\u2019opposition au d\u00e9marchage t\u00e9l\u00e9phonique sur le site https:\/\/www.bloctel.gouv.fr\/.<\/p><p>Merci de noter que pour autant, nous ne r\u00e9alisons pas de d\u00e9marchage t\u00e9l\u00e9phonique.<\/p>\t\t\t\t\t\t\t\t<\/div>\n\t\t\t\t<\/div>\n\t\t\t\t<div class=\"elementor-element elementor-element-1e6d6f4 elementor-widget elementor-widget-heading\" data-id=\"1e6d6f4\" data-element_type=\"widget\" data-widget_type=\"heading.default\">\n\t\t\t\t<div class=\"elementor-widget-container\">\n\t\t\t\t\t<h2 class=\"elementor-heading-title elementor-size-default\">Finalit\u00e9 des Traitements<\/h2>\t\t\t\t<\/div>\n\t\t\t\t<\/div>\n\t\t\t\t<div class=\"elementor-element elementor-element-655026b elementor-widget elementor-widget-text-editor\" data-id=\"655026b\" data-element_type=\"widget\" data-widget_type=\"text-editor.default\">\n\t\t\t\t<div class=\"elementor-widget-container\">\n\t\t\t\t\t\t\t\t\t<p>Sous r\u00e9serve des lois applicables, nous collectons et traitons vos donn\u00e9es personnelles pour les finalit\u00e9s suivantes : la demande d\u2019informations via le formulaire de contact.<\/p><p>Les informations indiqu\u00e9es dans le formulaire de contact sont destin\u00e9es \u00e0 pouvoir traiter et donner suite \u00e0 votre demande. Dans certains cas, vos informations seront reprises et int\u00e9gr\u00e9es pour que vous puissiez recevoir la newsletter, ou autres moyens de communication.<\/p><p>A aucun moment nous ne communiquons vos donn\u00e9es \u00e0 un tiers sans accord pr\u00e9alable de votre part. Elles ne feront l\u2019objet d\u2019aucune exploitation commerciale et ne seront pas communiqu\u00e9es \u00e0 un tiers \u00e0 des fins commerciales ou de prospection.<\/p>\t\t\t\t\t\t\t\t<\/div>\n\t\t\t\t<\/div>\n\t\t\t\t<div class=\"elementor-element elementor-element-cdd732a elementor-widget elementor-widget-heading\" data-id=\"cdd732a\" data-element_type=\"widget\" data-widget_type=\"heading.default\">\n\t\t\t\t<div class=\"elementor-widget-container\">\n\t\t\t\t\t<h2 class=\"elementor-heading-title elementor-size-default\">Base de donn\u00e9es et h\u00e9bergement des donn\u00e9es collect\u00e9es<\/h2>\t\t\t\t<\/div>\n\t\t\t\t<\/div>\n\t\t\t\t<div class=\"elementor-element elementor-element-16ecacc elementor-widget elementor-widget-text-editor\" data-id=\"16ecacc\" data-element_type=\"widget\" data-widget_type=\"text-editor.default\">\n\t\t\t\t<div class=\"elementor-widget-container\">\n\t\t\t\t\t\t\t\t\t<p>La SARL P\u00e9gase\u00ae informe que la constitution de cette base n\u2019est r\u00e9alis\u00e9e qu\u2019en interne et exclusivement en vue de l\u2019exploitation des services.<\/p><p>Elle garantit une s\u00e9curisation optimale des donn\u00e9es contenues dans la base, laquelle est h\u00e9berg\u00e9e aupr\u00e8s d\u2019un prestataire d\u2019h\u00e9bergement fran\u00e7ais dont les serveurs sont situ\u00e9s sur le territoire fran\u00e7ais et qui r\u00e9pondent aux obligations l\u00e9gales et r\u00e8glementaires quant aux consid\u00e9rations de s\u00e9curit\u00e9.<\/p><p>En cas de changement de localisation ou de prestataire, la SARL P\u00e9gase\u00ae s\u2019engage en tout \u00e9tat de cause \u00e0 ce que les serveurs fassent l\u2019objet de toutes les mesures garantissant une s\u00e9curit\u00e9 optimale de ses donn\u00e9es.<\/p><p>Elle s\u2019engage \u00e9galement \u00e0 mettre tous les moyens en \u0153uvre en sa possession pour assurer une s\u00e9curit\u00e9 optimale des donn\u00e9es \u00e0 caract\u00e8re personnel collect\u00e9es dans le respect de la l\u00e9gislation et r\u00e8glementation en vigueur.<\/p>\t\t\t\t\t\t\t\t<\/div>\n\t\t\t\t<\/div>\n\t\t\t\t<div class=\"elementor-element elementor-element-0e099b5 elementor-widget elementor-widget-heading\" data-id=\"0e099b5\" data-element_type=\"widget\" data-widget_type=\"heading.default\">\n\t\t\t\t<div class=\"elementor-widget-container\">\n\t\t\t\t\t<h2 class=\"elementor-heading-title elementor-size-default\">Dur\u00e9e de conservation<\/h2>\t\t\t\t<\/div>\n\t\t\t\t<\/div>\n\t\t\t\t<div class=\"elementor-element elementor-element-d71a5e7 elementor-widget elementor-widget-text-editor\" data-id=\"d71a5e7\" data-element_type=\"widget\" data-widget_type=\"text-editor.default\">\n\t\t\t\t<div class=\"elementor-widget-container\">\n\t\t\t\t\t\t\t\t\t<p>Vos donn\u00e9es personnelles sont conserv\u00e9es par la SARL P\u00e9gase\u00ae uniquement pour le temps correspondant \u00e0 la finalit\u00e9 de la collecte.<\/p><p>Cette dur\u00e9e de conservation n\u2019est pas la m\u00eame selon les donn\u00e9es en cause ; la nature et la finalit\u00e9 de la collecte \u00e9tant susceptible de faire varier cette dur\u00e9e. De m\u00eame, certaines obligations l\u00e9gales imposent une dur\u00e9e de conservation sp\u00e9cifique.<\/p>\t\t\t\t\t\t\t\t<\/div>\n\t\t\t\t<\/div>\n\t\t\t\t<div class=\"elementor-element elementor-element-b824a86 elementor-widget elementor-widget-heading\" data-id=\"b824a86\" data-element_type=\"widget\" data-widget_type=\"heading.default\">\n\t\t\t\t<div class=\"elementor-widget-container\">\n\t\t\t\t\t<h2 class=\"elementor-heading-title elementor-size-default\">Protection des donn\u00e9es<\/h2>\t\t\t\t<\/div>\n\t\t\t\t<\/div>\n\t\t\t\t<div class=\"elementor-element elementor-element-e4599a2 elementor-widget elementor-widget-text-editor\" data-id=\"e4599a2\" data-element_type=\"widget\" data-widget_type=\"text-editor.default\">\n\t\t\t\t<div class=\"elementor-widget-container\">\n\t\t\t\t\t\t\t\t\t<p>Vos donn\u00e9es sont conserv\u00e9es sur des serveurs s\u00e9curis\u00e9s et prot\u00e9g\u00e9s par des pare-feu et antivirus.<\/p><p>Compte tenu des particularit\u00e9s inh\u00e9rentes \u00e0 Internet, il nous est toutefois impossible de garantir la s\u00e9curit\u00e9 optimale des \u00e9changes d\u2019informations sur ce r\u00e9seau.<\/p><p>Nous nous effor\u00e7ons de prot\u00e9ger vos donn\u00e9es, mais nous ne pouvons garantir la s\u00e9curit\u00e9 absolue des informations transmises au site. Vous convenez que vous transmettez vos donn\u00e9es \u00e0 vos propres risques.<\/p><p>Nous ne pouvons \u00eatre tenus responsables du non-respect des param\u00e8tres de confidentialit\u00e9 ou des mesures de s\u00e9curit\u00e9 en place sur notre site.<\/p><p>A ce titre, vous convenez que la s\u00e9curit\u00e9 de vos informations est \u00e9galement de votre ressort.<\/p>\t\t\t\t\t\t\t\t<\/div>\n\t\t\t\t<\/div>\n\t\t\t\t<div class=\"elementor-element elementor-element-bc6c5c4 elementor-widget elementor-widget-heading\" data-id=\"bc6c5c4\" data-element_type=\"widget\" data-widget_type=\"heading.default\">\n\t\t\t\t<div class=\"elementor-widget-container\">\n\t\t\t\t\t<h2 class=\"elementor-heading-title elementor-size-default\">Intrusion frauduleuse<\/h2>\t\t\t\t<\/div>\n\t\t\t\t<\/div>\n\t\t\t\t<div class=\"elementor-element elementor-element-2495d1b elementor-widget elementor-widget-text-editor\" data-id=\"2495d1b\" data-element_type=\"widget\" data-widget_type=\"text-editor.default\">\n\t\t\t\t<div class=\"elementor-widget-container\">\n\t\t\t\t\t\t\t\t\t<p>Si la soci\u00e9t\u00e9 \u00e9tait victime d\u2019une intrusion frauduleuse dans ses syst\u00e8mes, de vol, de destruction, de perte, d\u2019alt\u00e9ration, de divulgation, d\u2019acc\u00e8s non autoris\u00e9, ou de tout autre acte de malveillance, la soci\u00e9t\u00e9 s\u2019engage \u00e0 notifier \u00e0 l\u2019utilisateur la nature de l\u2019intrusion, les cons\u00e9quences probables li\u00e9es \u00e0 l\u2019acte de malveillance, les mesures propos\u00e9es afin de rem\u00e9dier \u00e0 l\u2019acte de malveillance, dans un d\u00e9lai de soixante-douze (72) heures.<\/p><p>L\u2019acte de malveillance pr\u00e9sentant un risque important pour les droits et libert\u00e9s sera communiqu\u00e9 \u00e0 la CNIL, en sa qualit\u00e9 d\u2019autorit\u00e9 de protection.<\/p>\t\t\t\t\t\t\t\t<\/div>\n\t\t\t\t<\/div>\n\t\t\t\t<div class=\"elementor-element elementor-element-2e2ce48 elementor-widget elementor-widget-heading\" data-id=\"2e2ce48\" data-element_type=\"widget\" data-widget_type=\"heading.default\">\n\t\t\t\t<div class=\"elementor-widget-container\">\n\t\t\t\t\t<h2 class=\"elementor-heading-title elementor-size-default\">Droits d\u2019acc\u00e8s, de rectification et de suppression<\/h2>\t\t\t\t<\/div>\n\t\t\t\t<\/div>\n\t\t\t\t<div class=\"elementor-element elementor-element-fb333e6 elementor-widget elementor-widget-text-editor\" data-id=\"fb333e6\" data-element_type=\"widget\" data-widget_type=\"text-editor.default\">\n\t\t\t\t<div class=\"elementor-widget-container\">\n\t\t\t\t\t\t\t\t\t<p>Conform\u00e9ment \u00e0 la loi \u00ab Informatique et Libert\u00e9s \u00bb et le R\u00e8glement G\u00e9n\u00e9ral sur la Protection des Donn\u00e9es (RGPD), vous disposez des droits suivants concernant vos donn\u00e9es personnelles :<\/p><p><span style=\"text-decoration: underline;\"><strong>Droit d\u2019acc\u00e8s aux donn\u00e9es<\/strong><\/span><br \/>Vous avez la facult\u00e9 d\u2019acc\u00e9der aux donn\u00e9es personnelles qui vous concernent.<\/p><p>Cependant, en raison de l\u2019obligation de s\u00e9curit\u00e9 et de confidentialit\u00e9 dans le traitement des donn\u00e9es \u00e0 caract\u00e8re personnel qui incombe \u00e0 la SARL P\u00e9gase\u00ae, vous \u00eates inform\u00e9 que votre demande sera trait\u00e9e sous r\u00e9serve que vous apportiez la preuve de votre identit\u00e9 en accompagnant votre courrier d\u2019une copie de votre titre d\u2019identit\u00e9 valide.<\/p><p>Pour vous aider dans votre d\u00e9marche, vous trouverez en cliquant sur le lien suivant un mod\u00e8le de courrier \u00e9labor\u00e9 par la CNIL : <a href=\"https:\/\/www.cnil.fr\/fr\/modele\/courrier\/exercer-son-droit-dacces\" target=\"_blank\" rel=\"noopener\">https:\/\/www.cnil.fr\/fr\/modele\/courrier\/exercer-son-droit-dacces<\/a><\/p><p><span style=\"text-decoration: underline;\"><strong>Droit de rectification des donn\u00e9es<\/strong><\/span><br \/>La l\u00e9gislation vous habilite \u00e0 demander la rectification, la mise \u00e0 jour, ou encore l\u2019effacement des donn\u00e9es vous concernant qui peuvent s\u2019av\u00e9rer le cas \u00e9ch\u00e9ant inexactes, erron\u00e9es, incompl\u00e8tes ou obsol\u00e8tes.<\/p><p>Pour vous aider dans votre d\u00e9marche, vous trouverez en cliquant sur le lien suivant un mod\u00e8le de courrier \u00e9labor\u00e9 par la CNIL : <a href=\"https:\/\/www.cnil.fr\/fr\/modele\/courrier\/rectifier-des-donnees-inexactes\" target=\"_blank\" rel=\"noopener\">https:\/\/www.cnil.fr\/fr\/modele\/courrier\/rectifier-des-donnees-inexactes<\/a><\/p><p><span style=\"text-decoration: underline;\"><strong>Droit de suppression des donn\u00e9es<\/strong><\/span><br \/>Vous pouvez demander la suppression des donn\u00e9es personnelles vous concernant. Cela ne prend pas en compte les donn\u00e9es stock\u00e9es \u00e0 des fins administratives, l\u00e9gales ou pour des raisons de s\u00e9curit\u00e9.<\/p><p>Pour vous aider dans votre d\u00e9marche,\u00a0 vous trouverez en cliquant sur le lien suivant un mod\u00e8le de courrier \u00e9labor\u00e9 par la CNIL : <a href=\"https:\/\/www.cnil.fr\/fr\/modele\/courrier\/supprimer-des-donnees-personnelles\" target=\"_blank\" rel=\"noopener\">https:\/\/www.cnil.fr\/fr\/modele\/courrier\/supprimer-des-donnees-personnelles<\/a><\/p><p>La SARL P\u00e9gase\u00ae s\u2019engage \u00e0 r\u00e9pondre \u00e0 votre demande d\u2019acc\u00e8s, de rectification, de suppression ou toute autre demande compl\u00e9mentaire d\u2019informations dans un d\u00e9lai raisonnable qui ne saurait d\u00e9passer 1 mois \u00e0 compter de la r\u00e9ception de votre demande par mail ou par courrier.<\/p>\t\t\t\t\t\t\t\t<\/div>\n\t\t\t\t<\/div>\n\t\t\t\t<div class=\"elementor-element elementor-element-4493268 elementor-widget elementor-widget-heading\" data-id=\"4493268\" data-element_type=\"widget\" data-widget_type=\"heading.default\">\n\t\t\t\t<div class=\"elementor-widget-container\">\n\t\t\t\t\t<h2 class=\"elementor-heading-title elementor-size-default\">Liens vers des sites tiers<\/h2>\t\t\t\t<\/div>\n\t\t\t\t<\/div>\n\t\t\t\t<div class=\"elementor-element elementor-element-0dc7b41 elementor-widget elementor-widget-text-editor\" data-id=\"0dc7b41\" data-element_type=\"widget\" data-widget_type=\"text-editor.default\">\n\t\t\t\t<div class=\"elementor-widget-container\">\n\t\t\t\t\t\t\t\t\t<p>Les pages de ce site peuvent contenir :<\/p><ul><li>des liens vers diff\u00e9rents sites et plateformes de r\u00e9seaux sociaux g\u00e9r\u00e9es sur des serveurs tiers, par des personnes ou organisations sur lesquelles la SARL P\u00e9gase\u00ae n\u2019a aucun contr\u00f4le.<\/li><li>des contenus int\u00e9gr\u00e9s (par exemple des vid\u00e9os). Le contenu int\u00e9gr\u00e9 depuis d\u2019autres sites se comporte de la m\u00eame mani\u00e8re que si le visiteur se rendait sur cet autre site.<\/li><\/ul><p>De ce fait, nous ne pouvons en aucun cas \u00eatre tenus pour responsable de la fa\u00e7on dont vos donn\u00e9es seront stock\u00e9es ou utilis\u00e9es sur les serveurs de ces tiers.<\/p><p>Nous vous conseillons de prendre connaissance de la politique applicable en mati\u00e8re de protection des donn\u00e9es \u00e0 caract\u00e8re personnel de chaque site internet tiers auquel vous acc\u00e9derez via notre site afin d\u2019appr\u00e9cier la mani\u00e8re dont seront utilis\u00e9es vos donn\u00e9es.<\/p>\t\t\t\t\t\t\t\t<\/div>\n\t\t\t\t<\/div>\n\t\t\t\t<div class=\"elementor-element elementor-element-7fa57e9 elementor-widget elementor-widget-heading\" data-id=\"7fa57e9\" data-element_type=\"widget\" data-widget_type=\"heading.default\">\n\t\t\t\t<div class=\"elementor-widget-container\">\n\t\t\t\t\t<h2 class=\"elementor-heading-title elementor-size-default\">Informations de contact<\/h2>\t\t\t\t<\/div>\n\t\t\t\t<\/div>\n\t\t\t\t<div class=\"elementor-element elementor-element-ecb0e4f elementor-widget elementor-widget-text-editor\" data-id=\"ecb0e4f\" data-element_type=\"widget\" data-widget_type=\"text-editor.default\">\n\t\t\t\t<div class=\"elementor-widget-container\">\n\t\t\t\t\t\t\t\t\t<p>SARL P\u00e9gase\u00ae &#8211; Meta Entreprise\u00ae<\/p><p>Centre Village, Lieu-dit Le lavoir, 04170 Thorame-Haute, France<\/p><p>+33 6 12 23 15 35<\/p><p>contact@meta-entreprise.org<\/p>\t\t\t\t\t\t\t\t<\/div>\n\t\t\t\t<\/div>\n\t\t\t\t<div class=\"elementor-element elementor-element-6e0398c elementor-widget elementor-widget-text-editor\" data-id=\"6e0398c\" data-element_type=\"widget\" data-widget_type=\"text-editor.default\">\n\t\t\t\t<div class=\"elementor-widget-container\">\n\t\t\t\t\t\t\t\t\t<p>Nous nous r\u00e9servons le droit de modifier \u00e0 tout moment les r\u00e8gles de fonctionnement du site \u00e9nonc\u00e9es ci-dessus.<\/p>\t\t\t\t\t\t\t\t<\/div>\n\t\t\t\t<\/div>\n\t\t\t\t\t<\/div>\n\t\t<\/div>\n\t\t\t\t\t<\/div>\n\t\t<\/section>\n\t\t\t\t\t<\/div>\n\t\t<\/div>\n\t\t\t\t\t<\/div>\n\t\t<\/section>\n\t\t\t\t<\/div>","protected":false},"excerpt":{"rendered":"<p>Politique de confidentialit\u00e9 Pr\u00e9ambule Soucieux des donn\u00e9es \u00e0 caract\u00e8re personnel, nous nous engageons \u00e0 assurer la conformit\u00e9 des traitements op\u00e9r\u00e9s dans le cadre du R\u00e8glement 2016\/679 du Parlement Europ\u00e9en sur la Protection des Donn\u00e9es Personnelles (RGPD) entr\u00e9 en vigueur le 25 mai 2018. Pour ce faire, il a \u00e9t\u00e9 mis [&hellip;]<\/p>","protected":false},"author":1,"featured_media":0,"parent":0,"menu_order":0,"comment_status":"closed","ping_status":"closed","template":"page-templates\/template-pagebuilder-full-width.php","meta":{"footnotes":""},"class_list":["post-9124","page","type-page","status-publish","hentry"],"yoast_head":"<!-- This site is optimized with the Yoast SEO plugin v26.3 - https:\/\/yoast.com\/wordpress\/plugins\/seo\/ -->\n<title>Politique de confidentialit\u00e9 - Meta Entreprise<\/title>\n<meta name=\"robots\" content=\"index, follow, max-snippet:-1, max-image-preview:large, max-video-preview:-1\" \/>\n<link rel=\"canonical\" href=\"https:\/\/www.meta-entreprise.org\/en\/politique-de-confidentialite\/\" \/>\n<meta property=\"og:locale\" content=\"en_GB\" \/>\n<meta property=\"og:type\" content=\"article\" \/>\n<meta property=\"og:title\" content=\"Politique de confidentialit\u00e9 - Meta Entreprise\" \/>\n<meta property=\"og:description\" content=\"Politique de confidentialit\u00e9 Pr\u00e9ambule Soucieux des donn\u00e9es \u00e0 caract\u00e8re personnel, nous nous engageons \u00e0 assurer la conformit\u00e9 des traitements op\u00e9r\u00e9s dans le cadre du R\u00e8glement 2016\/679 du Parlement Europ\u00e9en sur la Protection des Donn\u00e9es Personnelles (RGPD) entr\u00e9 en vigueur le 25 mai 2018. Pour ce faire, il a \u00e9t\u00e9 mis [&hellip;]\" \/>\n<meta property=\"og:url\" content=\"https:\/\/www.meta-entreprise.org\/en\/politique-de-confidentialite\/\" \/>\n<meta property=\"og:site_name\" content=\"Meta Entreprise\" \/>\n<meta property=\"article:modified_time\" content=\"2025-02-24T18:56:27+00:00\" \/>\n<meta name=\"twitter:card\" content=\"summary_large_image\" \/>\n<meta name=\"twitter:label1\" content=\"Estimated reading time\" \/>\n\t<meta name=\"twitter:data1\" content=\"8 minutes\" \/>\n<script type=\"application\/ld+json\" class=\"yoast-schema-graph\">{\"@context\":\"https:\/\/schema.org\",\"@graph\":[{\"@type\":\"WebPage\",\"@id\":\"https:\/\/www.meta-entreprise.org\/politique-de-confidentialite\/\",\"url\":\"https:\/\/www.meta-entreprise.org\/politique-de-confidentialite\/\",\"name\":\"Politique de confidentialit\u00e9 - Meta Entreprise\",\"isPartOf\":{\"@id\":\"https:\/\/www.meta-entreprise.org\/#website\"},\"datePublished\":\"2024-11-08T13:59:19+00:00\",\"dateModified\":\"2025-02-24T18:56:27+00:00\",\"breadcrumb\":{\"@id\":\"https:\/\/www.meta-entreprise.org\/politique-de-confidentialite\/#breadcrumb\"},\"inLanguage\":\"en-GB\",\"potentialAction\":[{\"@type\":\"ReadAction\",\"target\":[\"https:\/\/www.meta-entreprise.org\/politique-de-confidentialite\/\"]}]},{\"@type\":\"BreadcrumbList\",\"@id\":\"https:\/\/www.meta-entreprise.org\/politique-de-confidentialite\/#breadcrumb\",\"itemListElement\":[{\"@type\":\"ListItem\",\"position\":1,\"name\":\"Accueil\",\"item\":\"https:\/\/www.meta-entreprise.org\/\"},{\"@type\":\"ListItem\",\"position\":2,\"name\":\"Politique de confidentialit\u00e9\"}]},{\"@type\":\"WebSite\",\"@id\":\"https:\/\/www.meta-entreprise.org\/#website\",\"url\":\"https:\/\/www.meta-entreprise.org\/\",\"name\":\"Meta Entreprise\",\"description\":\"C&#039;est en remettant les hommes au coeur des entreprises que celles-ci pourront contribuer \u00e0 la cr\u00e9ation d&#039;une soci\u00e9t\u00e9 nouvelle.\",\"publisher\":{\"@id\":\"https:\/\/www.meta-entreprise.org\/#organization\"},\"potentialAction\":[{\"@type\":\"SearchAction\",\"target\":{\"@type\":\"EntryPoint\",\"urlTemplate\":\"https:\/\/www.meta-entreprise.org\/?s={search_term_string}\"},\"query-input\":{\"@type\":\"PropertyValueSpecification\",\"valueRequired\":true,\"valueName\":\"search_term_string\"}}],\"inLanguage\":\"en-GB\"},{\"@type\":\"Organization\",\"@id\":\"https:\/\/www.meta-entreprise.org\/#organization\",\"name\":\"Meta Entreprise\",\"url\":\"https:\/\/www.meta-entreprise.org\/\",\"logo\":{\"@type\":\"ImageObject\",\"inLanguage\":\"en-GB\",\"@id\":\"https:\/\/www.meta-entreprise.org\/#\/schema\/logo\/image\/\",\"url\":\"https:\/\/www.meta-entreprise.org\/wp-content\/uploads\/2022\/03\/cropped-cropped-LOGO-header2.png\",\"contentUrl\":\"https:\/\/www.meta-entreprise.org\/wp-content\/uploads\/2022\/03\/cropped-cropped-LOGO-header2.png\",\"width\":1319,\"height\":377,\"caption\":\"Meta Entreprise\"},\"image\":{\"@id\":\"https:\/\/www.meta-entreprise.org\/#\/schema\/logo\/image\/\"}}]}<\/script>\n<!-- \/ Yoast SEO plugin. -->","yoast_head_json":{"title":"Politique de confidentialit\u00e9 - Meta Entreprise","robots":{"index":"index","follow":"follow","max-snippet":"max-snippet:-1","max-image-preview":"max-image-preview:large","max-video-preview":"max-video-preview:-1"},"canonical":"https:\/\/www.meta-entreprise.org\/en\/politique-de-confidentialite\/","og_locale":"en_GB","og_type":"article","og_title":"Politique de confidentialit\u00e9 - Meta Entreprise","og_description":"Politique de confidentialit\u00e9 Pr\u00e9ambule Soucieux des donn\u00e9es \u00e0 caract\u00e8re personnel, nous nous engageons \u00e0 assurer la conformit\u00e9 des traitements op\u00e9r\u00e9s dans le cadre du R\u00e8glement 2016\/679 du Parlement Europ\u00e9en sur la Protection des Donn\u00e9es Personnelles (RGPD) entr\u00e9 en vigueur le 25 mai 2018. Pour ce faire, il a \u00e9t\u00e9 mis [&hellip;]","og_url":"https:\/\/www.meta-entreprise.org\/en\/politique-de-confidentialite\/","og_site_name":"Meta Entreprise","article_modified_time":"2025-02-24T18:56:27+00:00","twitter_card":"summary_large_image","twitter_misc":{"Estimated reading time":"8 minutes"},"schema":{"@context":"https:\/\/schema.org","@graph":[{"@type":"WebPage","@id":"https:\/\/www.meta-entreprise.org\/politique-de-confidentialite\/","url":"https:\/\/www.meta-entreprise.org\/politique-de-confidentialite\/","name":"Politique de confidentialit\u00e9 - Meta Entreprise","isPartOf":{"@id":"https:\/\/www.meta-entreprise.org\/#website"},"datePublished":"2024-11-08T13:59:19+00:00","dateModified":"2025-02-24T18:56:27+00:00","breadcrumb":{"@id":"https:\/\/www.meta-entreprise.org\/politique-de-confidentialite\/#breadcrumb"},"inLanguage":"en-GB","potentialAction":[{"@type":"ReadAction","target":["https:\/\/www.meta-entreprise.org\/politique-de-confidentialite\/"]}]},{"@type":"BreadcrumbList","@id":"https:\/\/www.meta-entreprise.org\/politique-de-confidentialite\/#breadcrumb","itemListElement":[{"@type":"ListItem","position":1,"name":"Accueil","item":"https:\/\/www.meta-entreprise.org\/"},{"@type":"ListItem","position":2,"name":"Politique de confidentialit\u00e9"}]},{"@type":"WebSite","@id":"https:\/\/www.meta-entreprise.org\/#website","url":"https:\/\/www.meta-entreprise.org\/","name":"Meta Entreprise","description":"C&#039;est en remettant les hommes au coeur des entreprises que celles-ci pourront contribuer \u00e0 la cr\u00e9ation d&#039;une soci\u00e9t\u00e9 nouvelle.","publisher":{"@id":"https:\/\/www.meta-entreprise.org\/#organization"},"potentialAction":[{"@type":"SearchAction","target":{"@type":"EntryPoint","urlTemplate":"https:\/\/www.meta-entreprise.org\/?s={search_term_string}"},"query-input":{"@type":"PropertyValueSpecification","valueRequired":true,"valueName":"search_term_string"}}],"inLanguage":"en-GB"},{"@type":"Organization","@id":"https:\/\/www.meta-entreprise.org\/#organization","name":"Meta Entreprise","url":"https:\/\/www.meta-entreprise.org\/","logo":{"@type":"ImageObject","inLanguage":"en-GB","@id":"https:\/\/www.meta-entreprise.org\/#\/schema\/logo\/image\/","url":"https:\/\/www.meta-entreprise.org\/wp-content\/uploads\/2022\/03\/cropped-cropped-LOGO-header2.png","contentUrl":"https:\/\/www.meta-entreprise.org\/wp-content\/uploads\/2022\/03\/cropped-cropped-LOGO-header2.png","width":1319,"height":377,"caption":"Meta Entreprise"},"image":{"@id":"https:\/\/www.meta-entreprise.org\/#\/schema\/logo\/image\/"}}]}},"_links":{"self":[{"href":"https:\/\/www.meta-entreprise.org\/en\/wp-json\/wp\/v2\/pages\/9124","targetHints":{"allow":["GET"]}}],"collection":[{"href":"https:\/\/www.meta-entreprise.org\/en\/wp-json\/wp\/v2\/pages"}],"about":[{"href":"https:\/\/www.meta-entreprise.org\/en\/wp-json\/wp\/v2\/types\/page"}],"author":[{"embeddable":true,"href":"https:\/\/www.meta-entreprise.org\/en\/wp-json\/wp\/v2\/users\/1"}],"replies":[{"embeddable":true,"href":"https:\/\/www.meta-entreprise.org\/en\/wp-json\/wp\/v2\/comments?post=9124"}],"version-history":[{"count":61,"href":"https:\/\/www.meta-entreprise.org\/en\/wp-json\/wp\/v2\/pages\/9124\/revisions"}],"predecessor-version":[{"id":9899,"href":"https:\/\/www.meta-entreprise.org\/en\/wp-json\/wp\/v2\/pages\/9124\/revisions\/9899"}],"wp:attachment":[{"href":"https:\/\/www.meta-entreprise.org\/en\/wp-json\/wp\/v2\/media?parent=9124"}],"curies":[{"name":"wp","href":"https:\/\/api.w.org\/{rel}","templated":true}]}}