{"id":9467,"date":"2024-11-18T19:04:50","date_gmt":"2024-11-18T18:04:50","guid":{"rendered":"https:\/\/www.meta-entreprise.org\/metaentreprise2\/?page_id=9467"},"modified":"2025-01-09T20:34:45","modified_gmt":"2025-01-09T19:34:45","slug":"mentions-legales","status":"publish","type":"page","link":"https:\/\/www.meta-entreprise.org\/en\/mentions-legales\/","title":{"rendered":"Legal information"},"content":{"rendered":"<div data-elementor-type=\"wp-page\" data-elementor-id=\"9467\" class=\"elementor elementor-9467\">\n\t\t\t\t\t\t<section class=\"elementor-section elementor-top-section elementor-element elementor-element-618532b elementor-section-boxed elementor-section-height-default elementor-section-height-default\" data-id=\"618532b\" data-element_type=\"section\">\n\t\t\t\t\t\t<div class=\"elementor-container elementor-column-gap-default\">\n\t\t\t\t\t<div class=\"elementor-column elementor-col-100 elementor-top-column elementor-element elementor-element-d85e2f1\" data-id=\"d85e2f1\" data-element_type=\"column\">\n\t\t\t<div class=\"elementor-widget-wrap elementor-element-populated\">\n\t\t\t\t\t\t<div class=\"elementor-element elementor-element-68eb65c elementor-widget elementor-widget-spacer\" data-id=\"68eb65c\" data-element_type=\"widget\" data-widget_type=\"spacer.default\">\n\t\t\t\t<div class=\"elementor-widget-container\">\n\t\t\t\t\t\t\t<div class=\"elementor-spacer\">\n\t\t\t<div class=\"elementor-spacer-inner\"><\/div>\n\t\t<\/div>\n\t\t\t\t\t\t<\/div>\n\t\t\t\t<\/div>\n\t\t\t\t<div class=\"elementor-element elementor-element-9b952cd elementor-widget elementor-widget-heading\" data-id=\"9b952cd\" data-element_type=\"widget\" data-widget_type=\"heading.default\">\n\t\t\t\t<div class=\"elementor-widget-container\">\n\t\t\t\t\t<h2 class=\"elementor-heading-title elementor-size-default\">Legal information<\/h2>\t\t\t\t<\/div>\n\t\t\t\t<\/div>\n\t\t\t\t<div class=\"elementor-element elementor-element-536f6f1 elementor-widget elementor-widget-spacer\" data-id=\"536f6f1\" data-element_type=\"widget\" data-widget_type=\"spacer.default\">\n\t\t\t\t<div class=\"elementor-widget-container\">\n\t\t\t\t\t\t\t<div class=\"elementor-spacer\">\n\t\t\t<div class=\"elementor-spacer-inner\"><\/div>\n\t\t<\/div>\n\t\t\t\t\t\t<\/div>\n\t\t\t\t<\/div>\n\t\t\t\t<section class=\"elementor-section elementor-inner-section elementor-element elementor-element-a4d51a1 elementor-section-boxed elementor-section-height-default elementor-section-height-default\" data-id=\"a4d51a1\" data-element_type=\"section\">\n\t\t\t\t\t\t<div class=\"elementor-container elementor-column-gap-default\">\n\t\t\t\t\t<div class=\"elementor-column elementor-col-100 elementor-inner-column elementor-element elementor-element-ffaf3d4\" data-id=\"ffaf3d4\" data-element_type=\"column\">\n\t\t\t<div class=\"elementor-widget-wrap elementor-element-populated\">\n\t\t\t\t\t\t<div class=\"elementor-element elementor-element-0bda5ca elementor-widget elementor-widget-heading\" data-id=\"0bda5ca\" data-element_type=\"widget\" data-widget_type=\"heading.default\">\n\t\t\t\t<div class=\"elementor-widget-container\">\n\t\t\t\t\t<h2 class=\"elementor-heading-title elementor-size-default\">Identit\u00e9 &amp; Coordonn\u00e9es<\/h2>\t\t\t\t<\/div>\n\t\t\t\t<\/div>\n\t\t\t\t<div class=\"elementor-element elementor-element-c3e209e elementor-widget elementor-widget-text-editor\" data-id=\"c3e209e\" data-element_type=\"widget\" data-widget_type=\"text-editor.default\">\n\t\t\t\t<div class=\"elementor-widget-container\">\n\t\t\t\t\t\t\t\t\t<p>Les services propos\u00e9s rel\u00e8vent de la SARL P\u00e9gase\u00ae, enregistr\u00e9e au Greffe du Tribunal de Manosque.<\/p><p><span style=\"text-decoration: underline;\">G\u00e9rant<\/span> : Paul Ca\u00f1adas<\/p><p><span style=\"text-decoration: underline;\">Siret<\/span> : n\u00b0 444 462 980 00020<\/p><p><span style=\"text-decoration: underline;\">Code APE<\/span> : 5920Z<\/p><p><span style=\"text-decoration: underline;\">N\u00b0 TVA intracommunautaire<\/span> : FR83444462980<\/p><p><span style=\"text-decoration: underline;\">Capital<\/span> : 19 000\u20ac<\/p><p><span style=\"text-decoration: underline;\">Adresse<\/span> : Centre Village, Lieu-dit Le lavoir, 04170 Thorame-Haute, France<\/p><p><span style=\"text-decoration: underline;\">Contacts<\/span> : contact@meta-entreprise.org \/ +33(0)6 12 23 15 35<\/p><p><span style=\"text-decoration: underline;\">Assurance Professionnelle<\/span> : MAAF Assurances &#8211; 62 avenue Franklin Roosevelt, 06110 Le Cannet &#8211; 04 93 46 30 00<\/p>\t\t\t\t\t\t\t\t<\/div>\n\t\t\t\t<\/div>\n\t\t\t\t<div class=\"elementor-element elementor-element-7c61969 elementor-widget elementor-widget-heading\" data-id=\"7c61969\" data-element_type=\"widget\" data-widget_type=\"heading.default\">\n\t\t\t\t<div class=\"elementor-widget-container\">\n\t\t\t\t\t<h2 class=\"elementor-heading-title elementor-size-default\">\u00c9dition &amp; H\u00e9bergement <\/h2>\t\t\t\t<\/div>\n\t\t\t\t<\/div>\n\t\t\t\t<div class=\"elementor-element elementor-element-1034252 elementor-widget elementor-widget-text-editor\" data-id=\"1034252\" data-element_type=\"widget\" data-widget_type=\"text-editor.default\">\n\t\t\t\t<div class=\"elementor-widget-container\">\n\t\t\t\t\t\t\t\t\tLe site www.meta-entreprise.org est r\u00e9alis\u00e9 et publi\u00e9 par la SARL P\u00e9gase\u00ae.\n\nResponsable de l\u2019\u00e9dition : Paul Ca\u00f1adas\n\nSite h\u00e9berg\u00e9 par : OVH &#8211; 2 rue Kellermann, 59100 Roubaix, France &#8211; T\u00e9l : 1007\n\nLogiciel : WordPress\t\t\t\t\t\t\t\t<\/div>\n\t\t\t\t<\/div>\n\t\t\t\t<div class=\"elementor-element elementor-element-be59d79 elementor-widget elementor-widget-heading\" data-id=\"be59d79\" data-element_type=\"widget\" data-widget_type=\"heading.default\">\n\t\t\t\t<div class=\"elementor-widget-container\">\n\t\t\t\t\t<h2 class=\"elementor-heading-title elementor-size-default\">Acc\u00e8s au site<\/h2>\t\t\t\t<\/div>\n\t\t\t\t<\/div>\n\t\t\t\t<div class=\"elementor-element elementor-element-58383ee elementor-widget elementor-widget-text-editor\" data-id=\"58383ee\" data-element_type=\"widget\" data-widget_type=\"text-editor.default\">\n\t\t\t\t<div class=\"elementor-widget-container\">\n\t\t\t\t\t\t\t\t\tLe site est accessible en tout endroit, 7 jours sur 7, 24 heures sur 24, sauf cas de force majeure, interruption programm\u00e9e ou non et pouvant d\u00e9couler d\u2019une n\u00e9cessit\u00e9 de maintenance.\nEn cas de modification, interruption ou suspension du site, l\u2019\u00e9diteur ne saurait \u00eatre tenu responsable.\t\t\t\t\t\t\t\t<\/div>\n\t\t\t\t<\/div>\n\t\t\t\t<div class=\"elementor-element elementor-element-1863ac6 elementor-widget elementor-widget-heading\" data-id=\"1863ac6\" data-element_type=\"widget\" data-widget_type=\"heading.default\">\n\t\t\t\t<div class=\"elementor-widget-container\">\n\t\t\t\t\t<h2 class=\"elementor-heading-title elementor-size-default\">Droits d\u2019auteur \u2013 copyright<\/h2>\t\t\t\t<\/div>\n\t\t\t\t<\/div>\n\t\t\t\t<div class=\"elementor-element elementor-element-60fc399 elementor-widget elementor-widget-text-editor\" data-id=\"60fc399\" data-element_type=\"widget\" data-widget_type=\"text-editor.default\">\n\t\t\t\t<div class=\"elementor-widget-container\">\n\t\t\t\t\t\t\t\t\t<p>Le site www.meta-entreprise.org rel\u00e8ve de la l\u00e9gislation fran\u00e7aise et internationale sur le droit d\u2019auteur et la propri\u00e9t\u00e9 intellectuelle. Tout le contenu du pr\u00e9sent site, incluant, de fa\u00e7on non limitative, les graphismes, images, textes, vid\u00e9os, logos, et ic\u00f4nes ainsi que leur mise en forme sont la propri\u00e9t\u00e9 exclusive de la soci\u00e9t\u00e9 ou font l\u2019objet d\u2019une autorisation d\u2019utilisation. La reproduction, la repr\u00e9sentation, le transfert, la distribution, ou l\u2019enregistrement de tout ou partie de ces \u00e9l\u00e9ments est formellement interdite sans l\u2019autorisation expresse de la soci\u00e9t\u00e9. En coh\u00e9rence avec son \u00e9thique, aucune des demandes nomm\u00e9es ci-dessus ne seront autoris\u00e9es par la SARL P\u00e9gase\u00ae.<\/p><p>Toute utilisation, reproduction, diffusion, commercialisation, modification de toute ou partie du site, sans autorisation de l\u2019\u00e9diteur est prohib\u00e9e et pourra entra\u00eener des actions et poursuites judiciaires telles qu&rsquo;elles sont notamment pr\u00e9vues par le Code de la propri\u00e9t\u00e9 intellectuelle et le Code civil.<\/p>\t\t\t\t\t\t\t\t<\/div>\n\t\t\t\t<\/div>\n\t\t\t\t<div class=\"elementor-element elementor-element-cd3a475 elementor-widget elementor-widget-heading\" data-id=\"cd3a475\" data-element_type=\"widget\" data-widget_type=\"heading.default\">\n\t\t\t\t<div class=\"elementor-widget-container\">\n\t\t\t\t\t<h2 class=\"elementor-heading-title elementor-size-default\">Protection des donn\u00e9es personnelles<\/h2>\t\t\t\t<\/div>\n\t\t\t\t<\/div>\n\t\t\t\t<div class=\"elementor-element elementor-element-fe85f0f elementor-widget elementor-widget-text-editor\" data-id=\"fe85f0f\" data-element_type=\"widget\" data-widget_type=\"text-editor.default\">\n\t\t\t\t<div class=\"elementor-widget-container\">\n\t\t\t\t\t\t\t\t\tEn France et dans l\u2019Union Europ\u00e9enne, les donn\u00e9es personnelles sont prot\u00e9g\u00e9es entre autres par les textes suivants : loi du 6 janvier 1978, article 226-13 du Code P\u00e9nal, Directive europ\u00e9enne du 24 octobre 1995. Vous trouverez la loi relative \u00e0 l\u2019informatique, aux fichiers et aux libert\u00e9s sur le site de la Commission Nationale de l\u2019Informatique et des Libert\u00e9s, \u00e0 l\u2019adresse suivante : <a href=\"https:\/\/www.cnil.fr\/fr\" target=\"_blank\" rel=\"noopener\">http:\/\/www.cnil.fr<\/a>.\n\nLa SARL P\u00e9gase\u00ae s\u2019engage \u00e0 respecter le caract\u00e8re confidentiel des informations personnelles recueillies sur le site. Vous trouverez tous les d\u00e9tails concernant la collecte et le traitement de vos donn\u00e9es dans notre <a href=\"https:\/\/www.meta-entreprise.org\/en\/?page_id=9124\" target=\"_blank\" rel=\"noopener\">politique de confidentialit\u00e9<\/a>.\t\t\t\t\t\t\t\t<\/div>\n\t\t\t\t<\/div>\n\t\t\t\t<div class=\"elementor-element elementor-element-2933d9d elementor-widget elementor-widget-heading\" data-id=\"2933d9d\" data-element_type=\"widget\" data-widget_type=\"heading.default\">\n\t\t\t\t<div class=\"elementor-widget-container\">\n\t\t\t\t\t<h2 class=\"elementor-heading-title elementor-size-default\">Conditions G\u00e9n\u00e9rales de Vente<\/h2>\t\t\t\t<\/div>\n\t\t\t\t<\/div>\n\t\t\t\t<div class=\"elementor-element elementor-element-8646793 elementor-widget elementor-widget-text-editor\" data-id=\"8646793\" data-element_type=\"widget\" data-widget_type=\"text-editor.default\">\n\t\t\t\t<div class=\"elementor-widget-container\">\n\t\t\t\t\t\t\t\t\t<p>Vous pouvez consulter nos conditions g\u00e9n\u00e9rales de vente en <a href=\"https:\/\/www.meta-entreprise.org\/en\/?page_id=9515\" target=\"_blank\" rel=\"noopener\">cliquant ici<\/a>.<\/p>\t\t\t\t\t\t\t\t<\/div>\n\t\t\t\t<\/div>\n\t\t\t\t<div class=\"elementor-element elementor-element-b791581 elementor-widget elementor-widget-heading\" data-id=\"b791581\" data-element_type=\"widget\" data-widget_type=\"heading.default\">\n\t\t\t\t<div class=\"elementor-widget-container\">\n\t\t\t\t\t<h2 class=\"elementor-heading-title elementor-size-default\">M\u00e9diation<\/h2>\t\t\t\t<\/div>\n\t\t\t\t<\/div>\n\t\t\t\t<div class=\"elementor-element elementor-element-b4d7315 elementor-widget elementor-widget-text-editor\" data-id=\"b4d7315\" data-element_type=\"widget\" data-widget_type=\"text-editor.default\">\n\t\t\t\t<div class=\"elementor-widget-container\">\n\t\t\t\t\t\t\t\t\t<p>Conform\u00e9ment \u00e0 l\u2019article L. 612-1 du Code de la consommation, le consommateur, sous r\u00e9serve de l\u2019article L.612.2 du code de la consommation, a la facult\u00e9 d\u2019introduire une demande de r\u00e9solution amiable par voie de m\u00e9diation.<\/p><p>La SARL P\u00e9gase\u00ae a d\u00e9sign\u00e9, par adh\u00e9sion enregistr\u00e9e sous le num\u00e9ro 20221866, l\u2019<strong>Association des M\u00e9diateurs Europ\u00e9ens AME CONSO<\/strong>, comme entit\u00e9 de m\u00e9diation de la consommation.<br \/>En cas de litige entre le professionnel et le consommateur, ceux-ci s\u2019efforceront de trouver une solution amiable.<br \/>A d\u00e9faut d\u2019accord amiable, le consommateur a la possibilit\u00e9 de saisir gratuitement l\u2019Association des M\u00e9diateurs Europ\u00e9ens (AME CONSO), dans un d\u00e9lai d\u2019un an \u00e0 compter de la r\u00e9clamation \u00e9crite adress\u00e9e au professionnel.<\/p><p>La saisie du m\u00e9diateur de la consommation devra s\u2019effectuer :<br \/>\u2013 soit en compl\u00e9tant le formulaire pr\u00e9vu \u00e0 cet effet sur le site internet de l\u2019AME CONSO : <a href=\"http:\/\/www.mediationconso-ame.com\" target=\"_blank\" rel=\"noopener\">www.mediationconso-ame.com<\/a><br \/>\u2013 soit par courrier adress\u00e9 \u00e0 : AME CONSO, 197 Boulevard Saint-Germain, 75007 PARIS<\/p>\t\t\t\t\t\t\t\t<\/div>\n\t\t\t\t<\/div>\n\t\t\t\t<div class=\"elementor-element elementor-element-eb9a8a6 elementor-widget elementor-widget-heading\" data-id=\"eb9a8a6\" data-element_type=\"widget\" data-widget_type=\"heading.default\">\n\t\t\t\t<div class=\"elementor-widget-container\">\n\t\t\t\t\t<h2 class=\"elementor-heading-title elementor-size-default\">Formulaire de contact<\/h2>\t\t\t\t<\/div>\n\t\t\t\t<\/div>\n\t\t\t\t<div class=\"elementor-element elementor-element-458a1f0 elementor-widget elementor-widget-text-editor\" data-id=\"458a1f0\" data-element_type=\"widget\" data-widget_type=\"text-editor.default\">\n\t\t\t\t<div class=\"elementor-widget-container\">\n\t\t\t\t\t\t\t\t\t<p>Pour acc\u00e9der au formulaire de contact veuillez <a href=\"https:\/\/www.meta-entreprise.org\/en\/?page_id=6119\">cliquer ici<\/a>.<\/p><p>Il est possible que le bloqueur de pop-up de votre navigateur emp\u00eache la confirmation d\u2019envoi. Si vous ne recevez pas de r\u00e9ponse sous 72h ouvrables, c\u2019est que votre message ne nous est pas parvenu. Si c\u2019est le cas, merci de bien vouloir r\u00e9it\u00e9rer votre d\u00e9marche en ouvrant un autre navigateur ou bien de nous envoyer un mail \u00e0 <span style=\"text-decoration: underline;\">contact@meta-entreprise.org<\/span>.<\/p>\t\t\t\t\t\t\t\t<\/div>\n\t\t\t\t<\/div>\n\t\t\t\t\t<\/div>\n\t\t<\/div>\n\t\t\t\t\t<\/div>\n\t\t<\/section>\n\t\t\t\t\t<\/div>\n\t\t<\/div>\n\t\t\t\t\t<\/div>\n\t\t<\/section>\n\t\t\t\t<\/div>","protected":false},"excerpt":{"rendered":"<p>Mentions l\u00e9gales Identit\u00e9 &amp; Coordonn\u00e9es Les services propos\u00e9s rel\u00e8vent de la SARL P\u00e9gase\u00ae, enregistr\u00e9e au Greffe du Tribunal de Manosque. G\u00e9rant : Paul Ca\u00f1adas Siret : n\u00b0 444 462 980 00020 Code APE : 5920Z N\u00b0 TVA intracommunautaire : FR83444462980 Capital : 19 000\u20ac Adresse : Centre Village, Lieu-dit Le [&hellip;]<\/p>","protected":false},"author":1,"featured_media":0,"parent":0,"menu_order":0,"comment_status":"closed","ping_status":"closed","template":"page-templates\/template-pagebuilder-full-width.php","meta":{"footnotes":""},"class_list":["post-9467","page","type-page","status-publish","hentry"],"yoast_head":"<!-- This site is optimized with the Yoast SEO plugin v26.3 - https:\/\/yoast.com\/wordpress\/plugins\/seo\/ -->\n<title>Mentions l\u00e9gales - Meta Entreprise<\/title>\n<meta name=\"robots\" content=\"index, follow, max-snippet:-1, max-image-preview:large, max-video-preview:-1\" \/>\n<link rel=\"canonical\" href=\"https:\/\/www.meta-entreprise.org\/en\/mentions-legales\/\" \/>\n<meta property=\"og:locale\" content=\"en_GB\" \/>\n<meta property=\"og:type\" content=\"article\" \/>\n<meta property=\"og:title\" content=\"Mentions l\u00e9gales - Meta Entreprise\" \/>\n<meta property=\"og:description\" content=\"Mentions l\u00e9gales Identit\u00e9 &amp; Coordonn\u00e9es Les services propos\u00e9s rel\u00e8vent de la SARL P\u00e9gase\u00ae, enregistr\u00e9e au Greffe du Tribunal de Manosque. G\u00e9rant : Paul Ca\u00f1adas Siret : n\u00b0 444 462 980 00020 Code APE : 5920Z N\u00b0 TVA intracommunautaire : FR83444462980 Capital : 19 000\u20ac Adresse : Centre Village, Lieu-dit Le [&hellip;]\" \/>\n<meta property=\"og:url\" content=\"https:\/\/www.meta-entreprise.org\/en\/mentions-legales\/\" \/>\n<meta property=\"og:site_name\" content=\"Meta Entreprise\" \/>\n<meta property=\"article:modified_time\" content=\"2025-01-09T19:34:45+00:00\" \/>\n<meta name=\"twitter:card\" content=\"summary_large_image\" \/>\n<meta name=\"twitter:label1\" content=\"Estimated reading time\" \/>\n\t<meta name=\"twitter:data1\" content=\"4 minutes\" \/>\n<script type=\"application\/ld+json\" class=\"yoast-schema-graph\">{\"@context\":\"https:\/\/schema.org\",\"@graph\":[{\"@type\":\"WebPage\",\"@id\":\"https:\/\/www.meta-entreprise.org\/mentions-legales\/\",\"url\":\"https:\/\/www.meta-entreprise.org\/mentions-legales\/\",\"name\":\"Mentions l\u00e9gales - Meta Entreprise\",\"isPartOf\":{\"@id\":\"https:\/\/www.meta-entreprise.org\/#website\"},\"datePublished\":\"2024-11-18T18:04:50+00:00\",\"dateModified\":\"2025-01-09T19:34:45+00:00\",\"breadcrumb\":{\"@id\":\"https:\/\/www.meta-entreprise.org\/mentions-legales\/#breadcrumb\"},\"inLanguage\":\"en-GB\",\"potentialAction\":[{\"@type\":\"ReadAction\",\"target\":[\"https:\/\/www.meta-entreprise.org\/mentions-legales\/\"]}]},{\"@type\":\"BreadcrumbList\",\"@id\":\"https:\/\/www.meta-entreprise.org\/mentions-legales\/#breadcrumb\",\"itemListElement\":[{\"@type\":\"ListItem\",\"position\":1,\"name\":\"Accueil\",\"item\":\"https:\/\/www.meta-entreprise.org\/\"},{\"@type\":\"ListItem\",\"position\":2,\"name\":\"Mentions l\u00e9gales\"}]},{\"@type\":\"WebSite\",\"@id\":\"https:\/\/www.meta-entreprise.org\/#website\",\"url\":\"https:\/\/www.meta-entreprise.org\/\",\"name\":\"Meta Entreprise\",\"description\":\"C&#039;est en remettant les hommes au coeur des entreprises que celles-ci pourront contribuer \u00e0 la cr\u00e9ation d&#039;une soci\u00e9t\u00e9 nouvelle.\",\"publisher\":{\"@id\":\"https:\/\/www.meta-entreprise.org\/#organization\"},\"potentialAction\":[{\"@type\":\"SearchAction\",\"target\":{\"@type\":\"EntryPoint\",\"urlTemplate\":\"https:\/\/www.meta-entreprise.org\/?s={search_term_string}\"},\"query-input\":{\"@type\":\"PropertyValueSpecification\",\"valueRequired\":true,\"valueName\":\"search_term_string\"}}],\"inLanguage\":\"en-GB\"},{\"@type\":\"Organization\",\"@id\":\"https:\/\/www.meta-entreprise.org\/#organization\",\"name\":\"Meta Entreprise\",\"url\":\"https:\/\/www.meta-entreprise.org\/\",\"logo\":{\"@type\":\"ImageObject\",\"inLanguage\":\"en-GB\",\"@id\":\"https:\/\/www.meta-entreprise.org\/#\/schema\/logo\/image\/\",\"url\":\"https:\/\/www.meta-entreprise.org\/wp-content\/uploads\/2022\/03\/cropped-cropped-LOGO-header2.png\",\"contentUrl\":\"https:\/\/www.meta-entreprise.org\/wp-content\/uploads\/2022\/03\/cropped-cropped-LOGO-header2.png\",\"width\":1319,\"height\":377,\"caption\":\"Meta Entreprise\"},\"image\":{\"@id\":\"https:\/\/www.meta-entreprise.org\/#\/schema\/logo\/image\/\"}}]}<\/script>\n<!-- \/ Yoast SEO plugin. -->","yoast_head_json":{"title":"Mentions l\u00e9gales - Meta Entreprise","robots":{"index":"index","follow":"follow","max-snippet":"max-snippet:-1","max-image-preview":"max-image-preview:large","max-video-preview":"max-video-preview:-1"},"canonical":"https:\/\/www.meta-entreprise.org\/en\/mentions-legales\/","og_locale":"en_GB","og_type":"article","og_title":"Mentions l\u00e9gales - Meta Entreprise","og_description":"Mentions l\u00e9gales Identit\u00e9 &amp; Coordonn\u00e9es Les services propos\u00e9s rel\u00e8vent de la SARL P\u00e9gase\u00ae, enregistr\u00e9e au Greffe du Tribunal de Manosque. G\u00e9rant : Paul Ca\u00f1adas Siret : n\u00b0 444 462 980 00020 Code APE : 5920Z N\u00b0 TVA intracommunautaire : FR83444462980 Capital : 19 000\u20ac Adresse : Centre Village, Lieu-dit Le [&hellip;]","og_url":"https:\/\/www.meta-entreprise.org\/en\/mentions-legales\/","og_site_name":"Meta Entreprise","article_modified_time":"2025-01-09T19:34:45+00:00","twitter_card":"summary_large_image","twitter_misc":{"Estimated reading time":"4 minutes"},"schema":{"@context":"https:\/\/schema.org","@graph":[{"@type":"WebPage","@id":"https:\/\/www.meta-entreprise.org\/mentions-legales\/","url":"https:\/\/www.meta-entreprise.org\/mentions-legales\/","name":"Mentions l\u00e9gales - Meta Entreprise","isPartOf":{"@id":"https:\/\/www.meta-entreprise.org\/#website"},"datePublished":"2024-11-18T18:04:50+00:00","dateModified":"2025-01-09T19:34:45+00:00","breadcrumb":{"@id":"https:\/\/www.meta-entreprise.org\/mentions-legales\/#breadcrumb"},"inLanguage":"en-GB","potentialAction":[{"@type":"ReadAction","target":["https:\/\/www.meta-entreprise.org\/mentions-legales\/"]}]},{"@type":"BreadcrumbList","@id":"https:\/\/www.meta-entreprise.org\/mentions-legales\/#breadcrumb","itemListElement":[{"@type":"ListItem","position":1,"name":"Accueil","item":"https:\/\/www.meta-entreprise.org\/"},{"@type":"ListItem","position":2,"name":"Mentions l\u00e9gales"}]},{"@type":"WebSite","@id":"https:\/\/www.meta-entreprise.org\/#website","url":"https:\/\/www.meta-entreprise.org\/","name":"Meta Entreprise","description":"C&#039;est en remettant les hommes au coeur des entreprises que celles-ci pourront contribuer \u00e0 la cr\u00e9ation d&#039;une soci\u00e9t\u00e9 nouvelle.","publisher":{"@id":"https:\/\/www.meta-entreprise.org\/#organization"},"potentialAction":[{"@type":"SearchAction","target":{"@type":"EntryPoint","urlTemplate":"https:\/\/www.meta-entreprise.org\/?s={search_term_string}"},"query-input":{"@type":"PropertyValueSpecification","valueRequired":true,"valueName":"search_term_string"}}],"inLanguage":"en-GB"},{"@type":"Organization","@id":"https:\/\/www.meta-entreprise.org\/#organization","name":"Meta Entreprise","url":"https:\/\/www.meta-entreprise.org\/","logo":{"@type":"ImageObject","inLanguage":"en-GB","@id":"https:\/\/www.meta-entreprise.org\/#\/schema\/logo\/image\/","url":"https:\/\/www.meta-entreprise.org\/wp-content\/uploads\/2022\/03\/cropped-cropped-LOGO-header2.png","contentUrl":"https:\/\/www.meta-entreprise.org\/wp-content\/uploads\/2022\/03\/cropped-cropped-LOGO-header2.png","width":1319,"height":377,"caption":"Meta Entreprise"},"image":{"@id":"https:\/\/www.meta-entreprise.org\/#\/schema\/logo\/image\/"}}]}},"_links":{"self":[{"href":"https:\/\/www.meta-entreprise.org\/en\/wp-json\/wp\/v2\/pages\/9467","targetHints":{"allow":["GET"]}}],"collection":[{"href":"https:\/\/www.meta-entreprise.org\/en\/wp-json\/wp\/v2\/pages"}],"about":[{"href":"https:\/\/www.meta-entreprise.org\/en\/wp-json\/wp\/v2\/types\/page"}],"author":[{"embeddable":true,"href":"https:\/\/www.meta-entreprise.org\/en\/wp-json\/wp\/v2\/users\/1"}],"replies":[{"embeddable":true,"href":"https:\/\/www.meta-entreprise.org\/en\/wp-json\/wp\/v2\/comments?post=9467"}],"version-history":[{"count":61,"href":"https:\/\/www.meta-entreprise.org\/en\/wp-json\/wp\/v2\/pages\/9467\/revisions"}],"predecessor-version":[{"id":9819,"href":"https:\/\/www.meta-entreprise.org\/en\/wp-json\/wp\/v2\/pages\/9467\/revisions\/9819"}],"wp:attachment":[{"href":"https:\/\/www.meta-entreprise.org\/en\/wp-json\/wp\/v2\/media?parent=9467"}],"curies":[{"name":"wp","href":"https:\/\/api.w.org\/{rel}","templated":true}]}}